{"id":1079,"date":"2021-02-12T08:13:13","date_gmt":"2021-02-12T08:13:13","guid":{"rendered":"https:\/\/www.estudi-cat.com\/?page_id=1079"},"modified":"2021-02-12T08:42:37","modified_gmt":"2021-02-12T08:42:37","slug":"politica-de-privacidad","status":"publish","type":"page","link":"https:\/\/www.estudi-cat.com\/es\/politica-de-privacidad\/","title":{"rendered":"Pol\u00edtica de Privacidad"},"content":{"rendered":"<div class=\"wpb-content-wrapper\"><p>[vc_row css=\u00bb.vc_custom_1459427140749{margin-bottom: 0px !important;border-right-width: 15px !important;border-left-width: 15px !important;padding-top: 40px !important;padding-right: 20px !important;padding-bottom: 10px !important;padding-left: 20px !important;border-left-color: #000000 !important;border-left-style: solid !important;border-right-color: #000000 !important;border-right-style: solid !important;}\u00bb][vc_column][vc_column_text]<\/p>\n<h1>POL\u00cdTICA DE PRIVACIDAD<\/h1>\n<p>[\/vc_column_text][\/vc_column][\/vc_row][vc_row css=\u00bb.vc_custom_1459427159566{margin-bottom: 0px !important;border-right-width: 15px !important;border-left-width: 15px !important;padding-top: 0px !important;padding-right: 20px !important;padding-bottom: 40px !important;padding-left: 20px !important;border-left-color: #000000 !important;border-left-style: solid !important;border-right-color: #000000 !important;border-right-style: solid !important;}\u00bb][vc_column][vc_column_text el_class=\u00bbtxt-home\u00bb css=\u00bb.vc_custom_1613119354900{margin-bottom: 20px !important;}\u00bb]<\/p>\n<p class=\"p1\">1. INFORMACI\u00d3N AL USUARIO<\/p>\n<p class=\"p1\">de conformidad con lo dispuesto en el Reglamento (UE) 2016\/679 de 27 de abril de 2016 (RGPD) y a<\/p>\n<p class=\"p1\">la Ley Org\u00e1nica 3\/2018 de 5 de diciembre de Protecci\u00f3n de Datos Personales y garant\u00eda de los<\/p>\n<p class=\"p1\">derechos digitales, se le informa de la identidad del Responsable del tratamiento, la finalidad del<\/p>\n<p class=\"p1\">tratamiento, la legitimaci\u00f3n para el tratamiento de sus datos, las categor\u00edas de destinatarios de<\/p>\n<p class=\"p1\">cesiones de sus datos (si los hubiere), la procedencia de sus datos tratados si esta fuera distinta a su<\/p>\n<p class=\"p1\">entrega voluntaria y los derechos que como interesado le asisten.<\/p>\n<p class=\"p1\">2. INFORMACION REFERIDA AL RESPONSABLE DEL TRATAMIENTO<\/p>\n<p class=\"p1\">Nombre del Responsable: CONTROL I ACTUALITZACIO TERRITORIAL S.L.<\/p>\n<p class=\"p1\">N.I.F.: B57292856<\/p>\n<p class=\"p1\">Domicilio completo: Bisbe Campins 12, 1\u00ba, C, &#8211; 07012 Palma (Illes Balears)<\/p>\n<p class=\"p1\">Correo electr\u00f3nico de contacto: direccio@estudi-cat.com.<\/p>\n<p class=\"p1\">3. INFORMACION REFERIDA A LA FINALIDAD Y LEGITIMACION DEL TRATAMIENTO<\/p>\n<p class=\"p1\">Las operaciones previstas para realizar el tratamiento son:<\/p>\n<p class=\"p1\">Por inter\u00e9s leg\u00edtimo del Responsable:<\/p>\n<p class=\"p1\">Gesti\u00f3n econ\u00f3mica y contable, gesti\u00f3n fiscal, gesti\u00f3n administrativa, gesti\u00f3n de facturaci\u00f3n,<\/p>\n<p class=\"p1\">gesti\u00f3n de clientes y proveedores, gesti\u00f3n de cobros pagos y servicios relacionados, hist\u00f3rico de<\/p>\n<p class=\"p1\">relaciones comerciales.<\/p>\n<p class=\"p1\">Por consentimiento expreso, inequ\u00edvoco e informado del interesado:<\/p>\n<p class=\"p2\">Selecci\u00f3n de candidatos a empleados y colaboradores.<\/p>\n<p class=\"p1\">Remisi\u00f3n de comunicaciones comerciales publicitarias por email, fax, SMS, MMS,<\/p>\n<p class=\"p1\">comunidades sociales o cualquier otro medio electr\u00f3nico o f\u00edsico, presente o futuro, que<\/p>\n<p class=\"p1\">posibilite realizar comunicaciones comerciales. Estas comunicaciones ser\u00e1n realizadas por el<\/p>\n<p class=\"p1\">RESPONSABLE y relacionadas sobre sus productos y servicios, o de sus colaboradores o<\/p>\n<p class=\"p1\">proveedores con los que \u00e9ste haya alcanzado alg\u00fan acuerdo de promoci\u00f3n. En este caso, los<\/p>\n<p class=\"p1\">terceros nunca tendr\u00e1n acceso a los datos personales.<\/p>\n<p class=\"p2\">Recepci\u00f3n v\u00eda web y tratamiento posterior de curriculums vitae de interesados en formar parte de la plantilla<\/p>\n<p class=\"p2\">laboral del Responsable.<\/p>\n<p class=\"p1\">Realizar estudios estad\u00edsticos.<\/p>\n<p class=\"p1\">Tramitar encargos, solicitudes o cualquier tipo de petici\u00f3n que sea realizada por el usuario a<\/p>\n<p class=\"p1\">trav\u00e9s de cualquiera de las formas de contacto que se ponen a su disposici\u00f3n.<\/p>\n<p class=\"p1\">Remitir el bolet\u00edn de noticias de la p\u00e1gina web.<\/p>\n<p class=\"p1\">Criterios de conservaci\u00f3n de los datos: Los datos ser\u00e1n conservados en tanto dure la relaci\u00f3n<\/p>\n<p class=\"p1\">comercial entre las partes. Una vez finalizada dicha relaci\u00f3n comercial, los datos ser\u00e1n bloqueados a<\/p>\n<p class=\"p1\">fin de impedir la posibilidad de acceso, desbloque\u00e1ndose \u00fanicamente en el caso de que dichos datos<\/p>\n<p class=\"p1\">le fueran requeridos al Responsable del tratamiento por alguna autoridad legal (fiscal, mercantil, laboral<\/p>\n<p class=\"p1\">CONTROL I ACTUALITZACIO TERRITORIAL S.L.<\/p>\n<p class=\"p2\">P. 2<\/p>\n<p class=\"p3\">CONTROL I ACTUALITZACIO TERRITORIAL S.L.<\/p>\n<p class=\"p3\">Bisbe Campins 12, 1\u00ba, C, &#8211; 07012 Palma (Illes Balears)<\/p>\n<p class=\"p1\">o judicial) y esto solo hasta la fecha de caducidad o prescripci\u00f3n legales. Siendo posteriormente<\/p>\n<p class=\"p1\">destruidos convenientemente y con las garant\u00edas adecuadas para imposibilitar su recuperaci\u00f3n.<\/p>\n<p class=\"p1\">4. INFORMACION REFERIDA A LA CESION O COMUNICACION DE DATOS<\/p>\n<p class=\"p1\">Los datos personales podr\u00e1n ser cedidos para el mantenimiento de la relaci\u00f3n comercial y\/o para la<\/p>\n<p class=\"p1\">ejecuci\u00f3n de operaciones, a Asesor\u00eda Fiscal, Contable, Mercantil, Bancos, Cajas y Entidades<\/p>\n<p class=\"p1\">Financieras, Organismos Tributarios y otros Organismo P\u00fablicos competentes. No se comunicar\u00e1n los<\/p>\n<p class=\"p1\">datos a otros terceros, salvo obligaci\u00f3n legal.<\/p>\n<p class=\"p1\">No se efect\u00faan transmisiones de datos a terceros pa\u00edses fuera del Espacio Econ\u00f3mico Europeo ni a<\/p>\n<p class=\"p1\">Organizaciones Internacionales.<\/p>\n<p class=\"p1\">5. INFORMACION REFERIDA A LOS DERECHOS DEL INTERESADO Y LA FORMA DE<\/p>\n<p class=\"p1\">EJERCERLOS<\/p>\n<p class=\"p1\">Derechos que asisten al Usuario y forma de ejercerlos:<\/p>\n<p class=\"p1\">El interesado tiene derecho a: Acceder a sus datos, a que se rectifiquen sus datos, a que se supriman<\/p>\n<p class=\"p1\">sus datos, a la portabilidad de sus datos, a la limitaci\u00f3n en el tratamiento de sus datos, a oponerse al<\/p>\n<p class=\"p1\">tratamiento de sus datos, a retirar el consentimiento prestado, a presentar una reclamaci\u00f3n ante la<\/p>\n<p class=\"p1\">Autoridad de Control, a interponer un recurso judicial.<\/p>\n<p class=\"p1\">Puede ejercer estos derechos mediante un escrito razonado, dirigido al Responsable del Tratamiento o<\/p>\n<p class=\"p1\">a su representante especificando el derecho que desea ejercitar, acompa\u00f1ado de una fotocopia de su<\/p>\n<p class=\"p1\">documento de identificaci\u00f3n. Tambi\u00e9n podr\u00e1 solicitar previamente al Responsable del tratamiento que<\/p>\n<p class=\"p1\">le sea facilitado un impreso tipo para el derecho que desea ejercitar.<\/p>\n<p class=\"p1\">El ejercicio de derechos no acarrear\u00e1 ning\u00fan coste de gesti\u00f3n para el interesado, exceptuando los<\/p>\n<p class=\"p1\">costes de franqueo si optara por remitirlo por correo postal.<\/p>\n<p class=\"p1\">Podr\u00e1 ejercitar sus derechos:<\/p>\n<p class=\"p1\">Personalmente en los locales del Responsable del tratamiento identific\u00e1ndose con su DNI o<\/p>\n<p class=\"p1\">documento equivalente.<\/p>\n<p class=\"p1\">A trav\u00e9s de correo electr\u00f3nico dirigido al que figura en el apartado de la identificaci\u00f3n del<\/p>\n<p class=\"p1\">Responsable del tratamiento y acompa\u00f1ando fotocopia de su DNI o documento equivalente.<\/p>\n<p class=\"p1\">A trav\u00e9s de correo postal (preferiblemente certificado) dirigido al domicilio que figura en el<\/p>\n<p class=\"p1\">apartado de la identificaci\u00f3n del Responsable del tratamiento y acompa\u00f1ando fotocopia de su<\/p>\n<p class=\"p1\">DNI o documento equivalente.<\/p>\n<p class=\"p1\">Datos de contacto para ejercer sus derechos:<\/p>\n<p class=\"p1\">Bisbe Campins 12, 1\u00ba, C, &#8211; 07012 Palma (Illes Balears), direccio@estudi-cat.com<\/p>\n<p class=\"p1\">6. CAR\u00c1CTER OBLIGATORIO O FACULTATIVO DE LA INFORMACI\u00d3N FACILITADA POR EL<\/p>\n<p class=\"p1\">USUARIO<\/p>\n<p class=\"p1\">Los Usuarios, mediante la marcaci\u00f3n de las casillas correspondientes y entrada de datos en los<\/p>\n<p class=\"p1\">campos, marcados con un asterisco (*) en el formulario de contacto o presentados en formularios de<\/p>\n<p class=\"p1\">descarga, aceptan expresamente y de forma libre e inequ\u00edvoca, que sus datos son necesarios para<\/p>\n<p class=\"p1\">atender su petici\u00f3n, por parte del prestador, siendo voluntaria la inclusi\u00f3n de datos en los campos<\/p>\n<p class=\"p1\">restantes. El Usuario garantiza que los datos personales facilitados al RESPONSABLE son veraces y<\/p>\n<p class=\"p1\">CONTROL I ACTUALITZACIO TERRITORIAL S.L.<\/p>\n<p class=\"p2\">P. 3<\/p>\n<p class=\"p3\">CONTROL I ACTUALITZACIO TERRITORIAL S.L.<\/p>\n<p class=\"p3\">Bisbe Campins 12, 1\u00ba, C, &#8211; 07012 Palma (Illes Balears)<\/p>\n<p class=\"p1\">se hace responsable de comunicar cualquier modificaci\u00f3n de los mismos.<\/p>\n<p class=\"p1\">El RESPONSABLE informa y garantiza expresamente a los usuarios que sus datos personales no<\/p>\n<p class=\"p1\">ser\u00e1n cedidos en ning\u00fan caso a terceros, y que siempre que realizara alg\u00fan tipo de cesi\u00f3n de datos<\/p>\n<p class=\"p1\">personales, se pedir\u00e1 previamente el consentimiento expreso, informado e inequ\u00edvoco por parte los<\/p>\n<p class=\"p1\">Usuarios. Todos los datos solicitados a trav\u00e9s del sitio web son obligatorios, ya que son necesarios<\/p>\n<p class=\"p1\">para la prestaci\u00f3n de un servicio \u00f3ptimo al Usuario. En caso de que no sean facilitados todos los datos,<\/p>\n<p class=\"p1\">no se garantiza que la informaci\u00f3n y servicios facilitados sean completamente ajustados a sus<\/p>\n<p class=\"p1\">necesidades.<\/p>\n<p class=\"p1\">7. MEDIDAS DE SEGURIDAD<\/p>\n<p class=\"p1\">Que de conformidad con lo dispuesto en las normativas vigentes en protecci\u00f3n de datos personales, el<\/p>\n<p class=\"p1\">RESPONSABLE est\u00e1 cumpliendo con todas las disposiciones de las normativas RGPDpara el<\/p>\n<p class=\"p1\">tratamiento de los datos personales de su responsabilidad, y manifiestamente con los principios<\/p>\n<p class=\"p1\">descritos en el art\u00edculo 5 del RGPD, por los cuales son tratados de manera l\u00edcita, leal y transparente en<\/p>\n<p class=\"p1\">relaci\u00f3n con el interesado y adecuados, pertinentes y limitados a lo necesario en relaci\u00f3n con los fines<\/p>\n<p class=\"p1\">para los que son tratados.<\/p>\n<p class=\"p1\">El RESPONSABLE garantiza que ha implementado pol\u00edticas t\u00e9cnicas y organizativas apropiadas para<\/p>\n<p class=\"p1\">aplicar las medidas de seguridad que establecen el RGPD con el fin de proteger los derechos y<\/p>\n<p class=\"p1\">libertades de los Usuarios y les ha comunicado la informaci\u00f3n adecuada para que puedan ejercerlos.<\/p>\n<p>[\/vc_column_text][\/vc_column][\/vc_row]<\/p>\n<\/div>","protected":false},"excerpt":{"rendered":"<p>[vc_row css=\u00bb.vc_custom_1459427140749{margin-bottom: 0px !important;border-right-width: 15px !important;border-left-width: 15px !important;padding-top: 40px !important;padding-right: 20px !important;padding-bottom: 10px !important;padding-left: 20px !important;border-left-color: #000000 !important;border-left-style: solid !important;border-right-color: #000000 !important;border-right-style: solid !important;}\u00bb][vc_column][vc_column_text] POL\u00cdTICA DE PRIVACIDAD [\/vc_column_text][\/vc_column][\/vc_row][vc_row css=\u00bb.vc_custom_1459427159566{margin-bottom: 0px !important;border-right-width: 15px !important;border-left-width: 15px !important;padding-top: 0px !important;padding-right: 20px !important;padding-bottom: 40px !important;padding-left: 20px !important;border-left-color: #000000 !important;border-left-style: solid !important;border-right-color: #000000 !important;border-right-style: solid !important;}\u00bb][vc_column][vc_column_text el_class=\u00bbtxt-home\u00bb css=\u00bb.vc_custom_1613119354900{margin-bottom: 20px !important;}\u00bb] 1. INFORMACI\u00d3N AL USUARIO de conformidad con lo dispuesto en el Reglamento (UE) 2016\/679 de [&hellip;]<\/p>\n","protected":false},"author":4,"featured_media":0,"parent":0,"menu_order":0,"comment_status":"closed","ping_status":"closed","template":"","meta":{"footnotes":""},"_links":{"self":[{"href":"https:\/\/www.estudi-cat.com\/es\/wp-json\/wp\/v2\/pages\/1079"}],"collection":[{"href":"https:\/\/www.estudi-cat.com\/es\/wp-json\/wp\/v2\/pages"}],"about":[{"href":"https:\/\/www.estudi-cat.com\/es\/wp-json\/wp\/v2\/types\/page"}],"author":[{"embeddable":true,"href":"https:\/\/www.estudi-cat.com\/es\/wp-json\/wp\/v2\/users\/4"}],"replies":[{"embeddable":true,"href":"https:\/\/www.estudi-cat.com\/es\/wp-json\/wp\/v2\/comments?post=1079"}],"version-history":[{"count":2,"href":"https:\/\/www.estudi-cat.com\/es\/wp-json\/wp\/v2\/pages\/1079\/revisions"}],"predecessor-version":[{"id":1081,"href":"https:\/\/www.estudi-cat.com\/es\/wp-json\/wp\/v2\/pages\/1079\/revisions\/1081"}],"wp:attachment":[{"href":"https:\/\/www.estudi-cat.com\/es\/wp-json\/wp\/v2\/media?parent=1079"}],"curies":[{"name":"wp","href":"https:\/\/api.w.org\/{rel}","templated":true}]}}